{"id":34,"date":"2025-02-18T12:14:36","date_gmt":"2025-02-18T12:14:36","guid":{"rendered":"https:\/\/wp.ellias-pflegedienst.de\/?page_id=34"},"modified":"2025-02-19T13:54:29","modified_gmt":"2025-02-19T13:54:29","slug":"uber-uns","status":"publish","type":"page","link":"https:\/\/ellias-pflegedienst.de\/?page_id=34","title":{"rendered":"\u00dcber uns"},"content":{"rendered":"\t\t<div data-elementor-type=\"wp-page\" data-elementor-id=\"34\" class=\"elementor elementor-34\" data-elementor-post-type=\"page\">\n\t\t\t\t<div class=\"elementor-element elementor-element-e8c7008 e-flex e-con-boxed e-con e-parent\" data-id=\"e8c7008\" data-element_type=\"container\" data-settings=\"{&quot;background_background&quot;:&quot;classic&quot;}\">\n\t\t\t\t\t<div class=\"e-con-inner\">\n\t\t\t\t<div class=\"elementor-element elementor-element-44c9dd14 elementor-widget elementor-widget-heading\" data-id=\"44c9dd14\" data-element_type=\"widget\" data-widget_type=\"heading.default\">\n\t\t\t\t<div class=\"elementor-widget-container\">\n\t\t\t\t\t<h1 class=\"elementor-heading-title elementor-size-default\">\u00dcber uns<\/h1>\t\t\t\t<\/div>\n\t\t\t\t<\/div>\n\t\t\t\t<div class=\"elementor-element elementor-element-4f898de7 elementor-widget elementor-widget-heading\" data-id=\"4f898de7\" data-element_type=\"widget\" data-widget_type=\"heading.default\">\n\t\t\t\t<div class=\"elementor-widget-container\">\n\t\t\t\t\t<h5 class=\"elementor-heading-title elementor-size-default\">Seit 2011 stehen wir f\u00fcr vertrauensvolle und menschennahe Pflege. Mit Hingabe und Verantwortung k\u00fcmmern wir uns um das Wohl unserer Patienten und ihrer Angeh\u00f6rigen. Lernen Sie uns kennen!<\/h5>\t\t\t\t<\/div>\n\t\t\t\t<\/div>\n\t\t\t\t\t<\/div>\n\t\t\t\t<\/div>\n\t\t<div class=\"elementor-element elementor-element-96adaf3 e-con-full e-flex e-con e-parent\" data-id=\"96adaf3\" data-element_type=\"container\" data-settings=\"{&quot;background_background&quot;:&quot;classic&quot;}\">\n\t\t<div class=\"elementor-element elementor-element-7b297e5d e-flex e-con-boxed e-con e-child\" data-id=\"7b297e5d\" data-element_type=\"container\">\n\t\t\t\t\t<div class=\"e-con-inner\">\n\t\t\t\t<div class=\"elementor-element elementor-element-8a23101 elementor-widget elementor-widget-heading\" data-id=\"8a23101\" data-element_type=\"widget\" data-widget_type=\"heading.default\">\n\t\t\t\t<div class=\"elementor-widget-container\">\n\t\t\t\t\t<p class=\"elementor-heading-title elementor-size-default\">Warum wir?<\/p>\t\t\t\t<\/div>\n\t\t\t\t<\/div>\n\t\t\t\t<div class=\"elementor-element elementor-element-5fc92bf4 elementor-widget__width-inherit elementor-widget elementor-widget-heading\" data-id=\"5fc92bf4\" data-element_type=\"widget\" data-widget_type=\"heading.default\">\n\t\t\t\t<div class=\"elementor-widget-container\">\n\t\t\t\t\t<h2 class=\"elementor-heading-title elementor-size-default\">Ihre Vorteile auf einen Blick<\/h2>\t\t\t\t<\/div>\n\t\t\t\t<\/div>\n\t\t\t\t\t<\/div>\n\t\t\t\t<\/div>\n\t\t<div class=\"elementor-element elementor-element-4b79fea7 icon-box e-flex e-con-boxed e-con e-child\" data-id=\"4b79fea7\" data-element_type=\"container\">\n\t\t\t\t\t<div class=\"e-con-inner\">\n\t\t\t\t<div class=\"elementor-element elementor-element-480ac91d elementor-widget__width-initial elementor-widget-mobile__width-inherit elementor-view-default elementor-position-top elementor-mobile-position-top elementor-invisible elementor-widget elementor-widget-icon-box\" data-id=\"480ac91d\" data-element_type=\"widget\" data-settings=\"{&quot;_animation&quot;:&quot;fadeInUp&quot;}\" data-widget_type=\"icon-box.default\">\n\t\t\t\t<div class=\"elementor-widget-container\">\n\t\t\t\t\t\t\t<div class=\"elementor-icon-box-wrapper\">\n\n\t\t\t\t\t\t<div class=\"elementor-icon-box-icon\">\n\t\t\t\t<span  class=\"elementor-icon\">\n\t\t\t\t<svg aria-hidden=\"true\" class=\"e-font-icon-svg e-far-calendar-check\" viewBox=\"0 0 448 512\" xmlns=\"http:\/\/www.w3.org\/2000\/svg\"><path d=\"M400 64h-48V12c0-6.627-5.373-12-12-12h-40c-6.627 0-12 5.373-12 12v52H160V12c0-6.627-5.373-12-12-12h-40c-6.627 0-12 5.373-12 12v52H48C21.49 64 0 85.49 0 112v352c0 26.51 21.49 48 48 48h352c26.51 0 48-21.49 48-48V112c0-26.51-21.49-48-48-48zm-6 400H54a6 6 0 0 1-6-6V160h352v298a6 6 0 0 1-6 6zm-52.849-200.65L198.842 404.519c-4.705 4.667-12.303 4.637-16.971-.068l-75.091-75.699c-4.667-4.705-4.637-12.303.068-16.971l22.719-22.536c4.705-4.667 12.303-4.637 16.97.069l44.104 44.461 111.072-110.181c4.705-4.667 12.303-4.637 16.971.068l22.536 22.718c4.667 4.705 4.636 12.303-.069 16.97z\"><\/path><\/svg>\t\t\t\t<\/span>\n\t\t\t<\/div>\n\t\t\t\n\t\t\t\t\t\t<div class=\"elementor-icon-box-content\">\n\n\t\t\t\t\t\t\t\t\t<h3 class=\"elementor-icon-box-title\">\n\t\t\t\t\t\t<span  >\n\t\t\t\t\t\t\tErfahren & Etabliert\t\t\t\t\t\t<\/span>\n\t\t\t\t\t<\/h3>\n\t\t\t\t\n\t\t\t\t\t\t\t\t\t<p class=\"elementor-icon-box-description\">\n\t\t\t\t\t\tNach unserer Firmengr\u00fcndung im Jahre 2011 sind wir eines der f\u00fchrenden Pflegedienste in Hilden und Kreis Mettmann geworden.  Unter folgendem Link k\u00f6nnen Sie die Ergebnisse der letzten MDK Pr\u00fcfung einsehen: \n<br>\n<a href=\"https:\/\/www.pflege-navigator.de\/index.php?module=careservice&id=46676<\/a>\">https:\/\/www.pflege-navigator.de\/index.php?module=careservice&id=46676<\/a>\t\t\t\t\t<\/p>\n\t\t\t\t\n\t\t\t<\/div>\n\t\t\t\n\t\t<\/div>\n\t\t\t\t\t\t<\/div>\n\t\t\t\t<\/div>\n\t\t\t\t<div class=\"elementor-element elementor-element-26a7abba elementor-widget__width-initial elementor-widget-mobile__width-inherit elementor-view-default elementor-position-top elementor-mobile-position-top elementor-invisible elementor-widget elementor-widget-icon-box\" data-id=\"26a7abba\" data-element_type=\"widget\" data-settings=\"{&quot;_animation&quot;:&quot;fadeInUp&quot;}\" data-widget_type=\"icon-box.default\">\n\t\t\t\t<div class=\"elementor-widget-container\">\n\t\t\t\t\t\t\t<div class=\"elementor-icon-box-wrapper\">\n\n\t\t\t\t\t\t<div class=\"elementor-icon-box-icon\">\n\t\t\t\t<span  class=\"elementor-icon\">\n\t\t\t\t<svg aria-hidden=\"true\" class=\"e-font-icon-svg e-fas-user-nurse\" viewBox=\"0 0 448 512\" xmlns=\"http:\/\/www.w3.org\/2000\/svg\"><path d=\"M319.41,320,224,415.39,128.59,320C57.1,323.1,0,381.6,0,453.79A58.21,58.21,0,0,0,58.21,512H389.79A58.21,58.21,0,0,0,448,453.79C448,381.6,390.9,323.1,319.41,320ZM224,304A128,128,0,0,0,352,176V65.82a32,32,0,0,0-20.76-30L246.47,4.07a64,64,0,0,0-44.94,0L116.76,35.86A32,32,0,0,0,96,65.82V176A128,128,0,0,0,224,304ZM184,71.67a5,5,0,0,1,5-5h21.67V45a5,5,0,0,1,5-5h16.66a5,5,0,0,1,5,5V66.67H259a5,5,0,0,1,5,5V88.33a5,5,0,0,1-5,5H237.33V115a5,5,0,0,1-5,5H215.67a5,5,0,0,1-5-5V93.33H189a5,5,0,0,1-5-5ZM144,160H304v16a80,80,0,0,1-160,0Z\"><\/path><\/svg>\t\t\t\t<\/span>\n\t\t\t<\/div>\n\t\t\t\n\t\t\t\t\t\t<div class=\"elementor-icon-box-content\">\n\n\t\t\t\t\t\t\t\t\t<h3 class=\"elementor-icon-box-title\">\n\t\t\t\t\t\t<span  >\n\t\t\t\t\t\t\tKompetentes & Engagiertes Team\t\t\t\t\t\t<\/span>\n\t\t\t\t\t<\/h3>\n\t\t\t\t\n\t\t\t\t\t\t\t\t\t<p class=\"elementor-icon-box-description\">\n\t\t\t\t\t\tDank unserer angagierten Mitarbeiter mit Erfahrung in Krankenh\u00e4usern, station\u00e4rer und ambulanter Pflege, k\u00f6nnen wir unseren anvertrauten Pflegebed\u00fcrftigen, sowie Ihren Angeh\u00f6rigen eine optimale Versorgung anbieten.\t\t\t\t\t<\/p>\n\t\t\t\t\n\t\t\t<\/div>\n\t\t\t\n\t\t<\/div>\n\t\t\t\t\t\t<\/div>\n\t\t\t\t<\/div>\n\t\t\t\t<div class=\"elementor-element elementor-element-1ffe6b8c elementor-widget__width-initial elementor-widget-mobile__width-inherit elementor-view-default elementor-position-top elementor-mobile-position-top elementor-invisible elementor-widget elementor-widget-icon-box\" data-id=\"1ffe6b8c\" data-element_type=\"widget\" data-settings=\"{&quot;_animation&quot;:&quot;fadeInUp&quot;}\" data-widget_type=\"icon-box.default\">\n\t\t\t\t<div class=\"elementor-widget-container\">\n\t\t\t\t\t\t\t<div class=\"elementor-icon-box-wrapper\">\n\n\t\t\t\t\t\t<div class=\"elementor-icon-box-icon\">\n\t\t\t\t<span  class=\"elementor-icon\">\n\t\t\t\t<svg aria-hidden=\"true\" class=\"e-font-icon-svg e-far-handshake\" viewBox=\"0 0 640 512\" xmlns=\"http:\/\/www.w3.org\/2000\/svg\"><path d=\"M519.2 127.9l-47.6-47.6A56.252 56.252 0 0 0 432 64H205.2c-14.8 0-29.1 5.9-39.6 16.3L118 127.9H0v255.7h64c17.6 0 31.8-14.2 31.9-31.7h9.1l84.6 76.4c30.9 25.1 73.8 25.7 105.6 3.8 12.5 10.8 26 15.9 41.1 15.9 18.2 0 35.3-7.4 48.8-24 22.1 8.7 48.2 2.6 64-16.8l26.2-32.3c5.6-6.9 9.1-14.8 10.9-23h57.9c.1 17.5 14.4 31.7 31.9 31.7h64V127.9H519.2zM48 351.6c-8.8 0-16-7.2-16-16s7.2-16 16-16 16 7.2 16 16c0 8.9-7.2 16-16 16zm390-6.9l-26.1 32.2c-2.8 3.4-7.8 4-11.3 1.2l-23.9-19.4-30 36.5c-6 7.3-15 4.8-18 2.4l-36.8-31.5-15.6 19.2c-13.9 17.1-39.2 19.7-55.3 6.6l-97.3-88H96V175.8h41.9l61.7-61.6c2-.8 3.7-1.5 5.7-2.3H262l-38.7 35.5c-29.4 26.9-31.1 72.3-4.4 101.3 14.8 16.2 61.2 41.2 101.5 4.4l8.2-7.5 108.2 87.8c3.4 2.8 3.9 7.9 1.2 11.3zm106-40.8h-69.2c-2.3-2.8-4.9-5.4-7.7-7.7l-102.7-83.4 12.5-11.4c6.5-6 7-16.1 1-22.6L367 167.1c-6-6.5-16.1-6.9-22.6-1l-55.2 50.6c-9.5 8.7-25.7 9.4-34.6 0-9.3-9.9-8.5-25.1 1.2-33.9l65.6-60.1c7.4-6.8 17-10.5 27-10.5l83.7-.2c2.1 0 4.1.8 5.5 2.3l61.7 61.6H544v128zm48 47.7c-8.8 0-16-7.2-16-16s7.2-16 16-16 16 7.2 16 16c0 8.9-7.2 16-16 16z\"><\/path><\/svg>\t\t\t\t<\/span>\n\t\t\t<\/div>\n\t\t\t\n\t\t\t\t\t\t<div class=\"elementor-icon-box-content\">\n\n\t\t\t\t\t\t\t\t\t<h3 class=\"elementor-icon-box-title\">\n\t\t\t\t\t\t<span  >\n\t\t\t\t\t\t\t Starke Kooperationen\t\t\t\t\t\t<\/span>\n\t\t\t\t\t<\/h3>\n\t\t\t\t\n\t\t\t\t\t\t\t\t\t<p class=\"elementor-icon-box-description\">\n\t\t\t\t\t\tWir pflegen jahrelange vertrauensvolle Kooperationen mit Krankenkassen, \u00c4rzten, Apotheken, Sanit\u00e4tsh\u00e4usern, Physiotherapien, Krankentransportdiensten, podologischen Praxen und der Bildungsakademie Mettmann.\t\t\t\t\t<\/p>\n\t\t\t\t\n\t\t\t<\/div>\n\t\t\t\n\t\t<\/div>\n\t\t\t\t\t\t<\/div>\n\t\t\t\t<\/div>\n\t\t\t\t<div class=\"elementor-element elementor-element-5dbf2658 elementor-widget__width-initial elementor-widget-mobile__width-inherit elementor-view-default elementor-position-top elementor-mobile-position-top elementor-invisible elementor-widget elementor-widget-icon-box\" data-id=\"5dbf2658\" data-element_type=\"widget\" data-settings=\"{&quot;_animation&quot;:&quot;fadeInUp&quot;}\" data-widget_type=\"icon-box.default\">\n\t\t\t\t<div class=\"elementor-widget-container\">\n\t\t\t\t\t\t\t<div class=\"elementor-icon-box-wrapper\">\n\n\t\t\t\t\t\t<div class=\"elementor-icon-box-icon\">\n\t\t\t\t<span  class=\"elementor-icon\">\n\t\t\t\t<svg aria-hidden=\"true\" class=\"e-font-icon-svg e-fas-graduation-cap\" viewBox=\"0 0 640 512\" xmlns=\"http:\/\/www.w3.org\/2000\/svg\"><path d=\"M622.34 153.2L343.4 67.5c-15.2-4.67-31.6-4.67-46.79 0L17.66 153.2c-23.54 7.23-23.54 38.36 0 45.59l48.63 14.94c-10.67 13.19-17.23 29.28-17.88 46.9C38.78 266.15 32 276.11 32 288c0 10.78 5.68 19.85 13.86 25.65L20.33 428.53C18.11 438.52 25.71 448 35.94 448h56.11c10.24 0 17.84-9.48 15.62-19.47L82.14 313.65C90.32 307.85 96 298.78 96 288c0-11.57-6.47-21.25-15.66-26.87.76-15.02 8.44-28.3 20.69-36.72L296.6 284.5c9.06 2.78 26.44 6.25 46.79 0l278.95-85.7c23.55-7.24 23.55-38.36 0-45.6zM352.79 315.09c-28.53 8.76-52.84 3.92-65.59 0l-145.02-44.55L128 384c0 35.35 85.96 64 192 64s192-28.65 192-64l-14.18-113.47-145.03 44.56z\"><\/path><\/svg>\t\t\t\t<\/span>\n\t\t\t<\/div>\n\t\t\t\n\t\t\t\t\t\t<div class=\"elementor-icon-box-content\">\n\n\t\t\t\t\t\t\t\t\t<h3 class=\"elementor-icon-box-title\">\n\t\t\t\t\t\t<span  >\n\t\t\t\t\t\t\tFachlich Qualifiziert\t\t\t\t\t\t<\/span>\n\t\t\t\t\t<\/h3>\n\t\t\t\t\n\t\t\t\t\t\t\t\t\t<p class=\"elementor-icon-box-description\">\n\t\t\t\t\t\tUnsere Mitarbeiter verf\u00fcgen \u00fcber eine erfolgreich abgeschlossene Ausbildung. Dabei achten wir stets auch auf die soziale Kompetenz jeden einzelnen Mitarbeiters.\t\t\t\t\t<\/p>\n\t\t\t\t\n\t\t\t<\/div>\n\t\t\t\n\t\t<\/div>\n\t\t\t\t\t\t<\/div>\n\t\t\t\t<\/div>\n\t\t\t\t<div class=\"elementor-element elementor-element-3f13a4ab elementor-widget__width-initial elementor-widget-mobile__width-inherit elementor-view-default elementor-position-top elementor-mobile-position-top elementor-invisible elementor-widget elementor-widget-icon-box\" data-id=\"3f13a4ab\" data-element_type=\"widget\" data-settings=\"{&quot;_animation&quot;:&quot;fadeInUp&quot;}\" data-widget_type=\"icon-box.default\">\n\t\t\t\t<div class=\"elementor-widget-container\">\n\t\t\t\t\t\t\t<div class=\"elementor-icon-box-wrapper\">\n\n\t\t\t\t\t\t<div class=\"elementor-icon-box-icon\">\n\t\t\t\t<span  class=\"elementor-icon\">\n\t\t\t\t<svg aria-hidden=\"true\" class=\"e-font-icon-svg e-fas-hand-holding-heart\" viewBox=\"0 0 576 512\" xmlns=\"http:\/\/www.w3.org\/2000\/svg\"><path d=\"M275.3 250.5c7 7.4 18.4 7.4 25.5 0l108.9-114.2c31.6-33.2 29.8-88.2-5.6-118.8-30.8-26.7-76.7-21.9-104.9 7.7L288 36.9l-11.1-11.6C248.7-4.4 202.8-9.2 172 17.5c-35.3 30.6-37.2 85.6-5.6 118.8l108.9 114.2zm290 77.6c-11.8-10.7-30.2-10-42.6 0L430.3 402c-11.3 9.1-25.4 14-40 14H272c-8.8 0-16-7.2-16-16s7.2-16 16-16h78.3c15.9 0 30.7-10.9 33.3-26.6 3.3-20-12.1-37.4-31.6-37.4H192c-27 0-53.1 9.3-74.1 26.3L71.4 384H16c-8.8 0-16 7.2-16 16v96c0 8.8 7.2 16 16 16h356.8c14.5 0 28.6-4.9 40-14L564 377c15.2-12.1 16.4-35.3 1.3-48.9z\"><\/path><\/svg>\t\t\t\t<\/span>\n\t\t\t<\/div>\n\t\t\t\n\t\t\t\t\t\t<div class=\"elementor-icon-box-content\">\n\n\t\t\t\t\t\t\t\t\t<h3 class=\"elementor-icon-box-title\">\n\t\t\t\t\t\t<span  >\n\t\t\t\t\t\t\tMensch im Mittelpunk\t\t\t\t\t\t<\/span>\n\t\t\t\t\t<\/h3>\n\t\t\t\t\n\t\t\t\t\t\t\t\t\t<p class=\"elementor-icon-box-description\">\n\t\t\t\t\t\tVon Anfang an, stand immer der zu pflegende Mensch im Mittelpunkt unseres Schaffens.\t\t\t\t\t<\/p>\n\t\t\t\t\n\t\t\t<\/div>\n\t\t\t\n\t\t<\/div>\n\t\t\t\t\t\t<\/div>\n\t\t\t\t<\/div>\n\t\t\t\t<div class=\"elementor-element elementor-element-3ef586c8 elementor-widget__width-initial elementor-widget-mobile__width-inherit elementor-view-default elementor-position-top elementor-mobile-position-top elementor-invisible elementor-widget elementor-widget-icon-box\" data-id=\"3ef586c8\" data-element_type=\"widget\" data-settings=\"{&quot;_animation&quot;:&quot;fadeInUp&quot;}\" data-widget_type=\"icon-box.default\">\n\t\t\t\t<div class=\"elementor-widget-container\">\n\t\t\t\t\t\t\t<div class=\"elementor-icon-box-wrapper\">\n\n\t\t\t\t\t\t<div class=\"elementor-icon-box-icon\">\n\t\t\t\t<span  class=\"elementor-icon\">\n\t\t\t\t<svg aria-hidden=\"true\" class=\"e-font-icon-svg e-fas-phone-alt\" viewBox=\"0 0 512 512\" xmlns=\"http:\/\/www.w3.org\/2000\/svg\"><path d=\"M497.39 361.8l-112-48a24 24 0 0 0-28 6.9l-49.6 60.6A370.66 370.66 0 0 1 130.6 204.11l60.6-49.6a23.94 23.94 0 0 0 6.9-28l-48-112A24.16 24.16 0 0 0 122.6.61l-104 24A24 24 0 0 0 0 48c0 256.5 207.9 464 464 464a24 24 0 0 0 23.4-18.6l24-104a24.29 24.29 0 0 0-14.01-27.6z\"><\/path><\/svg>\t\t\t\t<\/span>\n\t\t\t<\/div>\n\t\t\t\n\t\t\t\t\t\t<div class=\"elementor-icon-box-content\">\n\n\t\t\t\t\t\t\t\t\t<h3 class=\"elementor-icon-box-title\">\n\t\t\t\t\t\t<span  >\n\t\t\t\t\t\t\tImmer f\u00fcr Sie da\t\t\t\t\t\t<\/span>\n\t\t\t\t\t<\/h3>\n\t\t\t\t\n\t\t\t\t\t\t\t\t\t<p class=\"elementor-icon-box-description\">\n\t\t\t\t\t\tIhre W\u00fcnsche stehen immer im Mittelpunkt. Wann immer Sie uns brauchen. Bitte nehmen Sie Kontakt zu uns auf und vereinbaren einen unverbindlichen Gespr\u00e4chstermin mit uns.\t\t\t\t\t<\/p>\n\t\t\t\t\n\t\t\t<\/div>\n\t\t\t\n\t\t<\/div>\n\t\t\t\t\t\t<\/div>\n\t\t\t\t<\/div>\n\t\t\t\t\t<\/div>\n\t\t\t\t<\/div>\n\t\t\t\t<\/div>\n\t\t<div class=\"elementor-element elementor-element-e49ef35 e-con-full e-flex e-con e-parent\" data-id=\"e49ef35\" data-element_type=\"container\">\n\t\t\t\t<div class=\"elementor-element elementor-element-27a6790 elementor-cta--skin-cover elementor-cta--valign-middle elementor-widget__width-inherit card elementor-animated-content elementor-bg-transform elementor-bg-transform-zoom-in elementor-widget elementor-widget-call-to-action\" data-id=\"27a6790\" data-element_type=\"widget\" data-widget_type=\"call-to-action.default\">\n\t\t\t\t<div class=\"elementor-widget-container\">\n\t\t\t\t\t\t\t<a class=\"elementor-cta\" href=\"https:\/\/ellias-pflegedienst.de\/?page_id=68\">\n\t\t\t\t\t<div class=\"elementor-cta__bg-wrapper\">\n\t\t\t\t<div class=\"elementor-cta__bg elementor-bg\" style=\"background-image: url(https:\/\/ellias-pflegedienst.de\/wp-content\/uploads\/2025\/02\/heaer-home-large-copy2-1024x360.jpg);\" role=\"img\" aria-label=\"heaer-home-large copy2\"><\/div>\n\t\t\t\t<div class=\"elementor-cta__bg-overlay\"><\/div>\n\t\t\t<\/div>\n\t\t\t\t\t\t\t<div class=\"elementor-cta__content\">\n\t\t\t\t\n\t\t\t\t\t\t\t\t\t<h2 class=\"elementor-cta__title elementor-cta__content-item elementor-content-item elementor-animated-item--grow\">\n\t\t\t\t\t\tKontaktieren Sie uns heute!\t\t\t\t\t<\/h2>\n\t\t\t\t\n\t\t\t\t\n\t\t\t\t\t\t\t<\/div>\n\t\t\t\t\t\t<\/a>\n\t\t\t\t\t\t<\/div>\n\t\t\t\t<\/div>\n\t\t\t\t<\/div>\n\t\t\t\t<\/div>\n\t\t","protected":false},"excerpt":{"rendered":"<p>\u00dcber uns Seit 2011 stehen wir f\u00fcr vertrauensvolle und menschennahe Pflege. Mit Hingabe und Verantwortung k\u00fcmmern wir uns um das Wohl unserer Patienten und ihrer Angeh\u00f6rigen. Lernen Sie uns kennen! Warum wir? Ihre Vorteile auf einen Blick Erfahren &#038; Etabliert Nach unserer Firmengr\u00fcndung im Jahre 2011 sind wir eines der f\u00fchrenden Pflegedienste in Hilden und [&hellip;]<\/p>\n","protected":false},"author":1,"featured_media":0,"parent":0,"menu_order":0,"comment_status":"closed","ping_status":"closed","template":"","meta":{"footnotes":""},"class_list":["post-34","page","type-page","status-publish","hentry"],"_links":{"self":[{"href":"https:\/\/ellias-pflegedienst.de\/index.php?rest_route=\/wp\/v2\/pages\/34","targetHints":{"allow":["GET"]}}],"collection":[{"href":"https:\/\/ellias-pflegedienst.de\/index.php?rest_route=\/wp\/v2\/pages"}],"about":[{"href":"https:\/\/ellias-pflegedienst.de\/index.php?rest_route=\/wp\/v2\/types\/page"}],"author":[{"embeddable":true,"href":"https:\/\/ellias-pflegedienst.de\/index.php?rest_route=\/wp\/v2\/users\/1"}],"replies":[{"embeddable":true,"href":"https:\/\/ellias-pflegedienst.de\/index.php?rest_route=%2Fwp%2Fv2%2Fcomments&post=34"}],"version-history":[{"count":22,"href":"https:\/\/ellias-pflegedienst.de\/index.php?rest_route=\/wp\/v2\/pages\/34\/revisions"}],"predecessor-version":[{"id":347,"href":"https:\/\/ellias-pflegedienst.de\/index.php?rest_route=\/wp\/v2\/pages\/34\/revisions\/347"}],"wp:attachment":[{"href":"https:\/\/ellias-pflegedienst.de\/index.php?rest_route=%2Fwp%2Fv2%2Fmedia&parent=34"}],"curies":[{"name":"wp","href":"https:\/\/api.w.org\/{rel}","templated":true}]}}